{"id":82,"date":"2024-06-19T20:59:47","date_gmt":"2024-06-19T20:59:47","guid":{"rendered":"https:\/\/www.classelavalenciana.es\/?page_id=82"},"modified":"2025-10-08T20:54:29","modified_gmt":"2025-10-08T20:54:29","slug":"inicio-2","status":"publish","type":"page","link":"https:\/\/www.classelavalenciana.es\/","title":{"rendered":"Inicio"},"content":{"rendered":"<p>[et_pb_section fb_built=\u00bb1&#8243; custom_padding_last_edited=\u00bboff|phone\u00bb admin_label=\u00bbHeader\u00bb _builder_version=\u00bb4.25.1&#8243; _module_preset=\u00bbdefault\u00bb use_background_color_gradient=\u00bbon\u00bb background_color_gradient_stops=\u00bbrgba(18,17,93,0.4) 0%|rgba(18,17,93,0.4) 100%\u00bb background_color_gradient_overlays_image=\u00bbon\u00bb background_color_gradient_start=\u00bbrgba(18,17,93,0.4)\u00bb background_color_gradient_end=\u00bbrgba(18,17,93,0.4)\u00bb background_image=\u00bbhttps:\/\/www.classelavalenciana.es\/wp-content\/uploads\/2024\/06\/VALENCIANA-EN-REGATA-2.jpg\u00bb custom_padding=\u00bb10vw||18vw||false|false\u00bb custom_padding_tablet=\u00bb||||false|false\u00bb custom_padding_phone=\u00bb||||false|false\u00bb global_colors_info=\u00bb{}\u00bb][et_pb_row _builder_version=\u00bb4.27.0&#8243; _module_preset=\u00bbdefault\u00bb global_colors_info=\u00bb{}\u00bb][et_pb_column type=\u00bb4_4&#8243; _builder_version=\u00bb4.27.0&#8243; _module_preset=\u00bbdefault\u00bb global_colors_info=\u00bb{}\u00bb][et_pb_image src=\u00bbhttps:\/\/www.classelavalenciana.es\/wp-content\/uploads\/2024\/06\/lOGIN.png\u00bb title_text=\u00bblOGIN\u00bb align=\u00bbcenter\u00bb _builder_version=\u00bb4.27.0&#8243; _module_preset=\u00bbdefault\u00bb global_colors_info=\u00bb{}\u00bb][\/et_pb_image][et_pb_text _builder_version=\u00bb4.27.4&#8243; _module_preset=\u00bbd72c0383-6487-4f2c-ac5c-7d48a6376757&#8243; header_font=\u00bbPlayfair Display||||||||\u00bb header_text_color=\u00bb#FFFFFF\u00bb header_font_size=\u00bb150px\u00bb text_orientation=\u00bbcenter\u00bb max_width=\u00bb750px\u00bb module_alignment=\u00bbcenter\u00bb animation_direction=\u00bbtop\u00bb header_font_size_tablet=\u00bb10vw\u00bb header_font_size_phone=\u00bb\u00bb header_font_size_last_edited=\u00bbon|phone\u00bb global_colors_info=\u00bb{}\u00bb]<\/p>\n<h1>Regata de vela latina<\/h1>\n<p>[\/et_pb_text][\/et_pb_column][\/et_pb_row][\/et_pb_section][et_pb_section fb_built=\u00bb1&#8243; specialty=\u00bbon\u00bb padding_top_2=\u00bb0px\u00bb padding_top_bottom_link_2=\u00bbfalse\u00bb padding_left_right_link_2=\u00bbfalse\u00bb admin_label=\u00bbFeatures\u00bb _builder_version=\u00bb4.16&#8243; _module_preset=\u00bbdefault\u00bb background_color=\u00bbRGBA(0,0,0,0)\u00bb overflow-x=\u00bbhidden\u00bb overflow-y=\u00bbhidden\u00bb custom_margin=\u00bb-18vw||||false|false\u00bb custom_margin_tablet=\u00bb-100px||||false|false\u00bb custom_margin_phone=\u00bb-40px||||false|false\u00bb custom_margin_last_edited=\u00bboff|desktop\u00bb custom_padding=\u00bb||||false|false\u00bb global_colors_info=\u00bb{}\u00bb][et_pb_column type=\u00bb3_4&#8243; specialty_columns=\u00bb3&#8243; _builder_version=\u00bb4.16&#8243; custom_padding=\u00bb|||\u00bb global_colors_info=\u00bb{}\u00bb custom_padding__hover=\u00bb|||\u00bb][et_pb_row_inner column_structure=\u00bb1_3,1_3,1_3&#8243; use_custom_gutter=\u00bbon\u00bb gutter_width=\u00bb1&#8243; make_equal=\u00bbon\u00bb _builder_version=\u00bb4.16&#8243; _module_preset=\u00bbdefault\u00bb custom_margin=\u00bb||0px||false|false\u00bb custom_padding=\u00bb0px||0px||true|false\u00bb global_colors_info=\u00bb{}\u00bb][et_pb_column_inner type=\u00bb1_3&#8243; saved_specialty_column_type=\u00bb3_4&#8243; _builder_version=\u00bb4.16&#8243; _module_preset=\u00bbdefault\u00bb background_color=\u00bb#FF4B09&#8243; custom_padding=\u00bb60px|20px|60px|20px|true|true\u00bb custom_padding_tablet=\u00bb20px||20px||true|true\u00bb custom_padding_phone=\u00bb\u00bb custom_padding_last_edited=\u00bbon|tablet\u00bb global_colors_info=\u00bb{%22gcid-bf726b73-2424-4ae3-9936-c620fef98093%22:%91%22background_color%22%93}\u00bb][et_pb_blurb title=\u00bbPide tu Valenciana\u00bb image=\u00bbhttps:\/\/www.classelavalenciana.es\/wp-content\/uploads\/2024\/06\/marina-icon-light-5-1.png\u00bb content_max_width=\u00bb100%\u00bb _builder_version=\u00bb4.25.1&#8243; _module_preset=\u00bba1d2ae3f-62db-4b8f-9b67-ae0b67fabd38&#8243; header_font=\u00bbMerriweather||||||||\u00bb header_text_color=\u00bb#FFFFFF\u00bb header_line_height=\u00bb1.4em\u00bb body_text_color=\u00bb#FFFFFF\u00bb body_line_height=\u00bb2em\u00bb text_orientation=\u00bbcenter\u00bb animation=\u00bboff\u00bb header_font_size_tablet=\u00bb17px\u00bb header_font_size_phone=\u00bb16px\u00bb header_font_size_last_edited=\u00bbon|phone\u00bb body_font_size_tablet=\u00bb\u00bb body_font_size_phone=\u00bb13px\u00bb body_font_size_last_edited=\u00bbon|phone\u00bb locked=\u00bboff\u00bb global_colors_info=\u00bb{}\u00bb][\/et_pb_blurb][\/et_pb_column_inner][et_pb_column_inner type=\u00bb1_3&#8243; saved_specialty_column_type=\u00bb3_4&#8243; _builder_version=\u00bb4.16&#8243; _module_preset=\u00bbdefault\u00bb background_color=\u00bb#3B5E83&#8243; custom_padding=\u00bb60px|20px|60px|20px|true|true\u00bb custom_padding_tablet=\u00bb20px||20px||true|true\u00bb custom_padding_phone=\u00bb\u00bb custom_padding_last_edited=\u00bbon|phone\u00bb global_colors_info=\u00bb{}\u00bb][et_pb_blurb title=\u00bbMedia\u00bb url=\u00bbhttps:\/\/www.classelavalenciana.es\/index.php\/exiviciones-y-regatas\/\u00bb url_new_window=\u00bbon\u00bb image=\u00bbhttps:\/\/www.classelavalenciana.es\/wp-content\/uploads\/2024\/06\/marina-icon-light-7-1.png\u00bb content_max_width=\u00bb100%\u00bb _builder_version=\u00bb4.27.4&#8243; _module_preset=\u00bba1d2ae3f-62db-4b8f-9b67-ae0b67fabd38&#8243; header_font=\u00bbMerriweather||||||||\u00bb header_text_color=\u00bb#FFFFFF\u00bb header_line_height=\u00bb1.4em\u00bb body_text_color=\u00bb#FFFFFF\u00bb body_line_height=\u00bb2em\u00bb text_orientation=\u00bbcenter\u00bb animation=\u00bboff\u00bb hover_enabled=\u00bb0&#8243; header_font_size_tablet=\u00bb17px\u00bb header_font_size_phone=\u00bb16px\u00bb header_font_size_last_edited=\u00bbon|phone\u00bb body_font_size_tablet=\u00bb\u00bb body_font_size_phone=\u00bb13px\u00bb body_font_size_last_edited=\u00bbon|phone\u00bb global_colors_info=\u00bb{}\u00bb sticky_enabled=\u00bb0&#8243;][\/et_pb_blurb][\/et_pb_column_inner][et_pb_column_inner type=\u00bb1_3&#8243; saved_specialty_column_type=\u00bb3_4&#8243; _builder_version=\u00bb4.16&#8243; _module_preset=\u00bbdefault\u00bb background_color=\u00bb#12115D\u00bb custom_padding=\u00bb60px|20px|60px|20px|true|true\u00bb custom_padding_tablet=\u00bb20px||20px||true|true\u00bb custom_padding_phone=\u00bb\u00bb custom_padding_last_edited=\u00bbon|phone\u00bb global_colors_info=\u00bb{%22gcid-46874eab-1479-4e97-a380-8c3d8f036d9c%22:%91%22background_color%22%93}\u00bb][et_pb_blurb title=\u00bbReparaci\u00f3n y Servicios\u00bb image=\u00bbhttps:\/\/www.classelavalenciana.es\/wp-content\/uploads\/2024\/06\/marina-icon-light-3-1.png\u00bb content_max_width=\u00bb100%\u00bb _builder_version=\u00bb4.25.1&#8243; _module_preset=\u00bba1d2ae3f-62db-4b8f-9b67-ae0b67fabd38&#8243; header_font=\u00bbMerriweather||||||||\u00bb header_text_color=\u00bb#FFFFFF\u00bb header_line_height=\u00bb1.4em\u00bb body_text_color=\u00bb#FFFFFF\u00bb body_line_height=\u00bb2em\u00bb text_orientation=\u00bbcenter\u00bb animation=\u00bboff\u00bb header_font_size_tablet=\u00bb17px\u00bb header_font_size_phone=\u00bb16px\u00bb header_font_size_last_edited=\u00bbon|phone\u00bb body_font_size_tablet=\u00bb\u00bb body_font_size_phone=\u00bb13px\u00bb body_font_size_last_edited=\u00bbon|phone\u00bb locked=\u00bboff\u00bb global_colors_info=\u00bb{}\u00bb][\/et_pb_blurb][\/et_pb_column_inner][\/et_pb_row_inner][et_pb_row_inner column_structure=\u00bb1_3,1_3,1_3&#8243; use_custom_gutter=\u00bbon\u00bb gutter_width=\u00bb1&#8243; make_equal=\u00bbon\u00bb _builder_version=\u00bb4.16&#8243; _module_preset=\u00bbdefault\u00bb custom_padding=\u00bb0px||0px||true|false\u00bb global_colors_info=\u00bb{}\u00bb][et_pb_column_inner type=\u00bb1_3&#8243; saved_specialty_column_type=\u00bb3_4&#8243; _builder_version=\u00bb4.16&#8243; _module_preset=\u00bbdefault\u00bb background_color=\u00bb#03033A\u00bb custom_padding=\u00bb60px|20px|60px|20px|true|true\u00bb custom_padding_tablet=\u00bb20px||20px||true|true\u00bb custom_padding_phone=\u00bb\u00bb custom_padding_last_edited=\u00bbon|phone\u00bb global_colors_info=\u00bb{%22gcid-c9411f34-b37e-4feb-a841-9533663e2403%22:%91%22background_color%22%93}\u00bb][et_pb_blurb title=\u00bbToa\u00bb url=\u00bbhttps:\/\/www.classelavalenciana.es\/index.php\/toa\u00bb image=\u00bbhttps:\/\/www.classelavalenciana.es\/wp-content\/uploads\/2024\/06\/marina-icon-light-2-1.png\u00bb content_max_width=\u00bb100%\u00bb _builder_version=\u00bb4.27.4&#8243; _module_preset=\u00bba1d2ae3f-62db-4b8f-9b67-ae0b67fabd38&#8243; header_font=\u00bbMerriweather||||||||\u00bb header_text_color=\u00bb#FFFFFF\u00bb header_line_height=\u00bb1.4em\u00bb body_text_color=\u00bb#FFFFFF\u00bb body_line_height=\u00bb2em\u00bb text_orientation=\u00bbcenter\u00bb animation=\u00bboff\u00bb header_font_size_tablet=\u00bb17px\u00bb header_font_size_phone=\u00bb16px\u00bb header_font_size_last_edited=\u00bbon|phone\u00bb body_font_size_tablet=\u00bb\u00bb body_font_size_phone=\u00bb13px\u00bb body_font_size_last_edited=\u00bbon|phone\u00bb locked=\u00bboff\u00bb global_colors_info=\u00bb{}\u00bb][\/et_pb_blurb][\/et_pb_column_inner][et_pb_column_inner type=\u00bb1_3&#8243; saved_specialty_column_type=\u00bb3_4&#8243; _builder_version=\u00bb4.16&#8243; _module_preset=\u00bbdefault\u00bb background_color=\u00bb#097EDC\u00bb custom_padding=\u00bb60px|20px|60px|20px|true|true\u00bb custom_padding_tablet=\u00bb20px||20px||true|true\u00bb custom_padding_phone=\u00bb\u00bb custom_padding_last_edited=\u00bbon|phone\u00bb global_colors_info=\u00bb{%22gcid-405fc2c0-a257-4296-beb8-9c718592b87a%22:%91%22background_color%22%93}\u00bb][et_pb_blurb title=\u00bbReglamentos y Normas \u00bb url=\u00bbhttps:\/\/www.classelavalenciana.es\/index.php\/reglamentos-y-normas\/\u00bb image=\u00bbhttps:\/\/www.classelavalenciana.es\/wp-content\/uploads\/2024\/06\/marina-icon-light-13-1.png\u00bb content_max_width=\u00bb100%\u00bb _builder_version=\u00bb4.27.4&#8243; _module_preset=\u00bba1d2ae3f-62db-4b8f-9b67-ae0b67fabd38&#8243; header_font=\u00bbMerriweather||||||||\u00bb header_text_color=\u00bb#FFFFFF\u00bb header_line_height=\u00bb1.4em\u00bb body_text_color=\u00bb#FFFFFF\u00bb body_line_height=\u00bb2em\u00bb text_orientation=\u00bbcenter\u00bb animation=\u00bboff\u00bb header_font_size_tablet=\u00bb17px\u00bb header_font_size_phone=\u00bb16px\u00bb header_font_size_last_edited=\u00bbon|phone\u00bb body_font_size_tablet=\u00bb\u00bb body_font_size_phone=\u00bb13px\u00bb body_font_size_last_edited=\u00bbon|phone\u00bb locked=\u00bboff\u00bb global_colors_info=\u00bb{}\u00bb][\/et_pb_blurb][\/et_pb_column_inner][et_pb_column_inner type=\u00bb1_3&#8243; saved_specialty_column_type=\u00bb3_4&#8243; _builder_version=\u00bb4.16&#8243; _module_preset=\u00bbdefault\u00bb background_color=\u00bb#005497&#8243; custom_padding=\u00bb60px|20px|60px|20px|true|true\u00bb custom_padding_tablet=\u00bb20px||20px||true|true\u00bb custom_padding_phone=\u00bb\u00bb custom_padding_last_edited=\u00bbon|phone\u00bb global_colors_info=\u00bb{%22gcid-94e5f346-bf29-4d50-b220-b7ee6593b50a%22:%91%22background_color%22%93}\u00bb][et_pb_blurb title=\u00bbNuestra tienda\u00bb image=\u00bbhttps:\/\/www.classelavalenciana.es\/wp-content\/uploads\/2024\/06\/marina-icon-light-11-1.png\u00bb content_max_width=\u00bb100%\u00bb _builder_version=\u00bb4.25.1&#8243; _module_preset=\u00bba1d2ae3f-62db-4b8f-9b67-ae0b67fabd38&#8243; header_font=\u00bbMerriweather||||||||\u00bb header_text_color=\u00bb#FFFFFF\u00bb header_line_height=\u00bb1.4em\u00bb body_text_color=\u00bb#FFFFFF\u00bb body_line_height=\u00bb2em\u00bb text_orientation=\u00bbcenter\u00bb animation=\u00bboff\u00bb header_font_size_tablet=\u00bb17px\u00bb header_font_size_phone=\u00bb16px\u00bb header_font_size_last_edited=\u00bbon|phone\u00bb body_font_size_tablet=\u00bb\u00bb body_font_size_phone=\u00bb13px\u00bb body_font_size_last_edited=\u00bbon|phone\u00bb locked=\u00bboff\u00bb global_colors_info=\u00bb{}\u00bb][\/et_pb_blurb][\/et_pb_column_inner][\/et_pb_row_inner][\/et_pb_column][et_pb_column type=\u00bb1_4&#8243; _builder_version=\u00bb4.16&#8243; custom_padding=\u00bb|||\u00bb global_colors_info=\u00bb{}\u00bb custom_padding__hover=\u00bb|||\u00bb][et_pb_image src=\u00bbhttps:\/\/www.classelavalenciana.es\/wp-content\/uploads\/2024\/06\/IMG-20211020-WA0060.jpg\u00bb title_text=\u00bbIMG-20211020-WA0060&#8243; _builder_version=\u00bb4.25.1&#8243; _module_preset=\u00bbdefault\u00bb custom_margin=\u00bb|-20vw||-26%|false|false\u00bb custom_margin_tablet=\u00bb-30px|0vw||0%|false|false\u00bb custom_margin_phone=\u00bb\u00bb custom_margin_last_edited=\u00bbon|phone\u00bb custom_padding=\u00bb||||false|false\u00bb global_colors_info=\u00bb{}\u00bb][\/et_pb_image][\/et_pb_column][\/et_pb_section][et_pb_section fb_built=\u00bb1&#8243; admin_label=\u00bbFeatures\u00bb _builder_version=\u00bb4.16&#8243; _module_preset=\u00bbdefault\u00bb global_colors_info=\u00bb{}\u00bb][et_pb_row column_structure=\u00bb1_2,1_2&#8243; _builder_version=\u00bb4.16&#8243; _module_preset=\u00bbdefault\u00bb global_colors_info=\u00bb{}\u00bb][et_pb_column type=\u00bb1_2&#8243; _builder_version=\u00bb4.16&#8243; _module_preset=\u00bbdefault\u00bb global_colors_info=\u00bb{}\u00bb][et_pb_image src=\u00bbhttps:\/\/www.classelavalenciana.es\/wp-content\/uploads\/2024\/06\/Cubierta-trans.png\u00bb title_text=\u00bbCubierta-trans\u00bb _builder_version=\u00bb4.25.1&#8243; _module_preset=\u00bbdefault\u00bb max_width_tablet=\u00bb50%\u00bb max_width_last_edited=\u00bboff|desktop\u00bb custom_margin=\u00bb-55%|||-40%|false|false\u00bb custom_margin_tablet=\u00bb0%|||0%|false|false\u00bb custom_margin_phone=\u00bb\u00bb custom_margin_last_edited=\u00bbon|phone\u00bb scroll_vertical_motion_enable=\u00bbon\u00bb scroll_vertical_motion=\u00bb0|50|50|100|-2|0|2&#8243; scroll_vertical_motion_tablet=\u00bb0|50|50|100|0|0|0&#8243; scroll_vertical_motion_phone=\u00bb\u00bb scroll_vertical_motion_last_edited=\u00bbon|phone\u00bb locked=\u00bboff\u00bb global_colors_info=\u00bb{}\u00bb][\/et_pb_image][\/et_pb_column][et_pb_column type=\u00bb1_2&#8243; _builder_version=\u00bb4.16&#8243; _module_preset=\u00bbdefault\u00bb global_colors_info=\u00bb{}\u00bb][et_pb_text _builder_version=\u00bb4.27.4&#8243; _module_preset=\u00bb32021f09-dd67-47fb-8f9a-832b72a38baf\u00bb header_2_font=\u00bbPlayfair Display|700|||||||\u00bb header_2_text_color=\u00bbgcid-c9411f34-b37e-4feb-a841-9533663e2403&#8243; header_2_font_size=\u00bb60px\u00bb header_2_line_height=\u00bb1.1em\u00bb custom_margin=\u00bb|||-16%|false|false\u00bb custom_margin_tablet=\u00bb|||0%|false|false\u00bb custom_margin_phone=\u00bb\u00bb custom_margin_last_edited=\u00bbon|desktop\u00bb animation_direction=\u00bbleft\u00bb header_2_font_size_tablet=\u00bb35px\u00bb header_2_font_size_phone=\u00bb22px\u00bb header_2_font_size_last_edited=\u00bbon|phone\u00bb locked=\u00bboff\u00bb global_colors_info=\u00bb{}\u00bb]<\/p>\n<h2>Todos los servicios en el Portet de la Albufera<\/h2>\n<p>&nbsp;<\/p>\n<h4>Explora nuestras rutas de navegaci\u00f3n<\/h4>\n<p>Descubre los paisajes \u00fanicos que ofrece la Albufera mientras navegas en tu Valenciana, una experiencia que no te puedes perder.<\/p>\n<h4>Eventos especiales y celebraciones<\/h4>\n<p>Organizamos eventos personalizados en el agua, perfectos para coaching de empresa.<\/p>\n<h4>Clases de navegaci\u00f3n<\/h4>\n<p>Aprende a manejar tu Valenciana con nuestros instructores expertos, ideales para todos los niveles de experiencia.<\/p>\n<h4>Cesi\u00f3n de embarcaciones<\/h4>\n<p>Si no tienes tu propia Valenciana, ofrecemos opciones de disfrutar del mar sin preocupaciones, siendo socio deportiv.<\/p>\n<p>[\/et_pb_text][et_pb_text _builder_version=\u00bb4.16&#8243; _module_preset=\u00bb16a54059-cc81-4572-9c70-eda6a6c419bf\u00bb text_text_color=\u00bbrgba(0,0,0,0.8)\u00bb text_font_size=\u00bb16px\u00bb text_line_height=\u00bb1.8em\u00bb custom_margin=\u00bb|||-16%|false|false\u00bb custom_margin_tablet=\u00bb|||0%|false|false\u00bb custom_margin_phone=\u00bb\u00bb custom_margin_last_edited=\u00bbon|desktop\u00bb text_font_size_tablet=\u00bb15px\u00bb text_font_size_phone=\u00bb13px\u00bb text_font_size_last_edited=\u00bbon|phone\u00bb header_font_size_tablet=\u00bb55px\u00bb header_font_size_last_edited=\u00bboff|desktop\u00bb global_colors_info=\u00bb{}\u00bb][\/et_pb_text][et_pb_blurb title=\u00bbParticipamos en exhibiciones y regatas\u00bb image=\u00bbhttps:\/\/www.classelavalenciana.es\/wp-content\/uploads\/2024\/06\/marina-14.png\u00bb icon_placement=\u00bbleft\u00bb image_icon_width=\u00bb48px\u00bb content_max_width=\u00bb100%\u00bb icon_placement_tablet=\u00bb\u00bb icon_placement_phone=\u00bbtop\u00bb icon_placement_last_edited=\u00bbon|phone\u00bb image_icon_width_tablet=\u00bb48px\u00bb image_icon_width_phone=\u00bb40px\u00bb image_icon_width_last_edited=\u00bbon|phone\u00bb _builder_version=\u00bb4.27.4&#8243; _module_preset=\u00bb5635b989-66d4-4674-b533-7c2fe71428fb\u00bb header_font=\u00bbPlayfair Display|700|||||||\u00bb header_text_color=\u00bbgcid-c9411f34-b37e-4feb-a841-9533663e2403&#8243; header_font_size=\u00bb25px\u00bb header_line_height=\u00bb1.4em\u00bb body_text_color=\u00bbrgba(0,0,0,0.7)\u00bb body_line_height=\u00bb2em\u00bb image_icon_custom_padding_tablet=\u00bb\u00bb image_icon_custom_padding_phone=\u00bb\u00bb image_icon_custom_padding_last_edited=\u00bbon|phone\u00bb header_font_size_tablet=\u00bb20px\u00bb header_font_size_phone=\u00bb18px\u00bb header_font_size_last_edited=\u00bbon|phone\u00bb border_width_all_image_tablet=\u00bb\u00bb border_width_all_image_phone=\u00bb\u00bb border_width_all_image_last_edited=\u00bbon|phone\u00bb image_max_width=\u00bb48px\u00bb image_max_width_tablet=\u00bb\u00bb image_max_width_phone=\u00bb40px\u00bb image_max_width_last_edited=\u00bbon|phone\u00bb locked=\u00bboff\u00bb global_colors_info=\u00bb{}\u00bb]<\/p>\n<p>Disponemos de un amplio calendario de exhuibiciones en el lago de la Albufera, a celebrar durante los meses de Marzo a Octubre.<br \/>Tambien participamos en regatas del circuito de vela ligera auton\u00f3mico de la FVCV.<\/p>\n<p>[\/et_pb_blurb][et_pb_blurb title=\u00bbP\u00eddenos tu nueva Valenciana\u00bb image=\u00bbhttps:\/\/www.classelavalenciana.es\/wp-content\/uploads\/2024\/06\/marina-12.png\u00bb icon_placement=\u00bbleft\u00bb image_icon_width=\u00bb48px\u00bb content_max_width=\u00bb100%\u00bb icon_placement_tablet=\u00bb\u00bb icon_placement_phone=\u00bbtop\u00bb icon_placement_last_edited=\u00bbon|phone\u00bb image_icon_width_tablet=\u00bb48px\u00bb image_icon_width_phone=\u00bb40px\u00bb image_icon_width_last_edited=\u00bbon|phone\u00bb _builder_version=\u00bb4.27.4&#8243; _module_preset=\u00bb5635b989-66d4-4674-b533-7c2fe71428fb\u00bb header_font=\u00bbPlayfair Display|700|||||||\u00bb header_text_color=\u00bbgcid-c9411f34-b37e-4feb-a841-9533663e2403&#8243; header_font_size=\u00bb25px\u00bb header_line_height=\u00bb1.4em\u00bb body_text_color=\u00bbrgba(0,0,0,0.7)\u00bb body_line_height=\u00bb2em\u00bb image_icon_custom_padding_tablet=\u00bb\u00bb image_icon_custom_padding_phone=\u00bb\u00bb image_icon_custom_padding_last_edited=\u00bbon|phone\u00bb header_font_size_tablet=\u00bb20px\u00bb header_font_size_phone=\u00bb18px\u00bb header_font_size_last_edited=\u00bbon|phone\u00bb border_width_all_image_tablet=\u00bb\u00bb border_width_all_image_phone=\u00bb\u00bb border_width_all_image_last_edited=\u00bbon|phone\u00bb image_max_width=\u00bb48px\u00bb image_max_width_tablet=\u00bb\u00bb image_max_width_phone=\u00bb40px\u00bb image_max_width_last_edited=\u00bbon|phone\u00bb locked=\u00bboff\u00bb global_colors_info=\u00bb{}\u00bb]<\/p>\n<p style=\"padding-left: 40px;\">Descubre la oportunidad de tener tu propia Valenciana hecha con las reglas de clase. Nuestros expertos est\u00e1n listos para guiarte en cada paso del proceso, asegurando que tu embarcaci\u00f3n sea \u00fanica y se adapte a tus necesidades. Desde el dise\u00f1o hasta la construcci\u00f3n, cada detalle cuenta para que tu experiencia en el agua sea inolvidable. No esperes m\u00e1s y \u00fanete a la tradici\u00f3n de la vela latina con tu nueva Valenciana.<\/p>\n<p>[\/et_pb_blurb][et_pb_blurb title=\u00bbY si eres socio de nuestro club&#8230;..\u00bb image=\u00bbhttps:\/\/www.classelavalenciana.es\/wp-content\/uploads\/2024\/06\/marina-13.png\u00bb icon_placement=\u00bbleft\u00bb image_icon_width=\u00bb48px\u00bb content_max_width=\u00bb100%\u00bb icon_placement_tablet=\u00bb\u00bb icon_placement_phone=\u00bbtop\u00bb icon_placement_last_edited=\u00bbon|phone\u00bb image_icon_width_tablet=\u00bb48px\u00bb image_icon_width_phone=\u00bb40px\u00bb image_icon_width_last_edited=\u00bbon|phone\u00bb _builder_version=\u00bb4.27.4&#8243; _module_preset=\u00bb5635b989-66d4-4674-b533-7c2fe71428fb\u00bb header_font=\u00bbPlayfair Display|700|||||||\u00bb header_text_color=\u00bbgcid-c9411f34-b37e-4feb-a841-9533663e2403&#8243; header_font_size=\u00bb25px\u00bb header_line_height=\u00bb1.4em\u00bb body_text_color=\u00bbrgba(0,0,0,0.7)\u00bb body_line_height=\u00bb2em\u00bb image_icon_custom_padding_tablet=\u00bb\u00bb image_icon_custom_padding_phone=\u00bb\u00bb image_icon_custom_padding_last_edited=\u00bbon|phone\u00bb header_font_size_tablet=\u00bb20px\u00bb header_font_size_phone=\u00bb18px\u00bb header_font_size_last_edited=\u00bbon|phone\u00bb border_width_all_image_tablet=\u00bb\u00bb border_width_all_image_phone=\u00bb\u00bb border_width_all_image_last_edited=\u00bbon|phone\u00bb image_max_width=\u00bb48px\u00bb image_max_width_tablet=\u00bb\u00bb image_max_width_phone=\u00bb40px\u00bb image_max_width_last_edited=\u00bbon|phone\u00bb locked=\u00bboff\u00bb global_colors_info=\u00bb{}\u00bb]<\/p>\n<p>Y\u00a0 si tienes una Valenciana\u00a0 de tu propiedad, siendo socio, tendr\u00e1s la posibilidad de dejar en pupilaje tu embarcaci\u00f3n en nuestro Portet. Teni\u00e9ndola en seco y custodiada\u00a0<\/p>\n<p>[\/et_pb_blurb][et_pb_button button_url=\u00bbhttps:\/\/www.classelavalenciana.es\/index.php\/contacto\/\u00bb url_new_window=\u00bbon\u00bb button_text=\u00bbCont\u00e1ctata con nosotros\u00bb _builder_version=\u00bb4.27.4&#8243; _module_preset=\u00bbfd4cbe8d-44bb-4497-977d-4a9151abc25c\u00bb custom_button=\u00bbon\u00bb button_text_size=\u00bb14px\u00bb button_bg_color=\u00bb#FF4B09&#8243; button_border_width=\u00bb0px\u00bb button_border_radius=\u00bb0px\u00bb button_letter_spacing=\u00bb2px\u00bb button_font=\u00bb|700||on|||||\u00bb background_layout=\u00bbdark\u00bb custom_margin=\u00bb|||60px|false|false\u00bb custom_margin_tablet=\u00bb\u00bb custom_margin_phone=\u00bb|||0px|false|false\u00bb custom_margin_last_edited=\u00bbon|phone\u00bb custom_padding=\u00bb14px|35px|14px|35px|true|true\u00bb custom_padding_tablet=\u00bb12px|30px|12px|30px|true|true\u00bb custom_padding_phone=\u00bb10px|20px|10px|20px|true|true\u00bb custom_padding_last_edited=\u00bbon|phone\u00bb button_text_size_tablet=\u00bb13px\u00bb button_text_size_phone=\u00bb12px\u00bb button_text_size_last_edited=\u00bbon|tablet\u00bb global_colors_info=\u00bb{}\u00bb button_bg_color__hover=\u00bb#000000&#8243; button_bg_color__hover_enabled=\u00bbon|desktop\u00bb][\/et_pb_button][\/et_pb_column][\/et_pb_row][\/et_pb_section][et_pb_section fb_built=\u00bb1&#8243; admin_label=\u00bbHow it works\u00bb _builder_version=\u00bb4.16&#8243; _module_preset=\u00bbdefault\u00bb background_enable_color=\u00bboff\u00bb use_background_color_gradient=\u00bbon\u00bb background_color_gradient_stops=\u00bbrgba(3,3,58,0.89) 70%|#ffffff 70%\u00bb background_color_gradient_overlays_image=\u00bbon\u00bb background_color_gradient_start=\u00bbrgba(3,3,58,0.89)\u00bb background_color_gradient_start_position=\u00bb70%\u00bb background_color_gradient_end=\u00bb#ffffff\u00bb background_color_gradient_end_position=\u00bb70%\u00bb background_image=\u00bbhttps:\/\/www.classelavalenciana.es\/wp-content\/uploads\/2024\/06\/yacht-club-2.jpg\u00bb background_last_edited=\u00bbon|phone\u00bb background_color_gradient_stops_tablet=\u00bbrgba(3,3,58,0.89) 80%|#ffffff 80%\u00bb background_color_gradient_stops_phone=\u00bbrgba(3,3,58,0.89) 90%|#ffffff 90%\u00bb background_color_gradient_start_position_tablet=\u00bb80%\u00bb background_color_gradient_start_position_phone=\u00bb90%\u00bb background_color_gradient_end_position_tablet=\u00bb80%\u00bb background_color_gradient_end_position_phone=\u00bb90%\u00bb global_colors_info=\u00bb{}\u00bb][et_pb_row _builder_version=\u00bb4.16&#8243; _module_preset=\u00bbdefault\u00bb global_colors_info=\u00bb{}\u00bb][et_pb_column type=\u00bb4_4&#8243; _builder_version=\u00bb4.16&#8243; _module_preset=\u00bbdefault\u00bb global_colors_info=\u00bb{}\u00bb][et_pb_text _builder_version=\u00bb4.25.1&#8243; _module_preset=\u00bb32021f09-dd67-47fb-8f9a-832b72a38baf\u00bb header_2_font=\u00bbPlayfair Display|700|||||||\u00bb header_2_text_color=\u00bb#FFFFFF\u00bb header_2_font_size=\u00bb60px\u00bb header_2_line_height=\u00bb1.1em\u00bb text_orientation=\u00bbcenter\u00bb background_layout=\u00bbdark\u00bb custom_margin=\u00bb||10px||false|false\u00bb animation_direction=\u00bbleft\u00bb header_2_font_size_tablet=\u00bb35px\u00bb header_2_font_size_phone=\u00bb22px\u00bb header_2_font_size_last_edited=\u00bbon|phone\u00bb locked=\u00bboff\u00bb global_colors_info=\u00bb{}\u00bb]<\/p>\n<h2>Como hicimos La Valenciana<\/h2>\n<p>[\/et_pb_text][\/et_pb_column][\/et_pb_row][et_pb_row column_structure=\u00bb1_3,1_3,1_3&#8243; _builder_version=\u00bb4.16&#8243; _module_preset=\u00bbdefault\u00bb global_colors_info=\u00bb{}\u00bb][et_pb_column type=\u00bb1_3&#8243; _builder_version=\u00bb4.16&#8243; _module_preset=\u00bbdefault\u00bb global_colors_info=\u00bb{}\u00bb][et_pb_blurb title=\u00bbImpulsores del projecto\u00bb image=\u00bbhttps:\/\/www.classelavalenciana.es\/wp-content\/uploads\/2024\/06\/marina-icon-light-6-1.png\u00bb icon_alignment=\u00bbleft\u00bb content_max_width=\u00bb100%\u00bb _builder_version=\u00bb4.27.4&#8243; _module_preset=\u00bba1d2ae3f-62db-4b8f-9b67-ae0b67fabd38&#8243; header_font=\u00bbMerriweather||||||||\u00bb header_text_color=\u00bb#FFFFFF\u00bb header_line_height=\u00bb1.4em\u00bb body_text_color=\u00bb#FFFFFF\u00bb body_line_height=\u00bb2em\u00bb animation=\u00bboff\u00bb header_font_size_tablet=\u00bb17px\u00bb header_font_size_phone=\u00bb16px\u00bb header_font_size_last_edited=\u00bbon|phone\u00bb body_font_size_tablet=\u00bb\u00bb body_font_size_phone=\u00bb13px\u00bb body_font_size_last_edited=\u00bbon|phone\u00bb locked=\u00bboff\u00bb global_colors_info=\u00bb{}\u00bb]<\/p>\n<p>Un sue\u00f1o hecho realidad, gracias a un equipo humano excepcional en todos los capitulos imprescindibles para llevar a cabo este sue\u00f1o, crear una nueva embarcaci\u00f3n con vela latina en el siglo XXI,<\/p>\n<p>[\/et_pb_blurb][et_pb_button button_url=\u00bbhttps:\/\/www.classelavalenciana.es\/index.php\/impulsores-del-proyecto\/\u00bb button_text=\u00bbLeer mas\u00bb _builder_version=\u00bb4.27.4&#8243; _module_preset=\u00bb3a58c417-038b-4027-a6ce-99ef3b9f4d26&#8243; custom_button=\u00bbon\u00bb button_text_size=\u00bb14px\u00bb button_text_color=\u00bb#FF4B09&#8243; button_bg_color=\u00bbRGBA(0,0,0,0)\u00bb button_border_width=\u00bb0px\u00bb button_letter_spacing=\u00bb2px\u00bb button_font=\u00bb|700||on|||||\u00bb custom_padding=\u00bb|0px||0px|false|true\u00bb button_text_size_tablet=\u00bb13px\u00bb button_text_size_phone=\u00bb12px\u00bb button_text_size_last_edited=\u00bbon|phone\u00bb locked=\u00bboff\u00bb global_colors_info=\u00bb{}\u00bb button_text_color__hover=\u00bb#FFFFFF\u00bb button_text_color__hover_enabled=\u00bbon|desktop\u00bb][\/et_pb_button][\/et_pb_column][et_pb_column type=\u00bb1_3&#8243; _builder_version=\u00bb4.16&#8243; _module_preset=\u00bbdefault\u00bb global_colors_info=\u00bb{}\u00bb][et_pb_blurb title=\u00bbConstrucci\u00f3n \u00bb image=\u00bbhttps:\/\/www.classelavalenciana.es\/wp-content\/uploads\/2024\/06\/marina-icon-light-14-1.png\u00bb icon_alignment=\u00bbleft\u00bb content_max_width=\u00bb100%\u00bb _builder_version=\u00bb4.25.1&#8243; _module_preset=\u00bba1d2ae3f-62db-4b8f-9b67-ae0b67fabd38&#8243; header_font=\u00bbMerriweather||||||||\u00bb header_text_color=\u00bb#FFFFFF\u00bb header_line_height=\u00bb1.4em\u00bb body_text_color=\u00bb#FFFFFF\u00bb body_line_height=\u00bb2em\u00bb animation=\u00bboff\u00bb header_font_size_tablet=\u00bb17px\u00bb header_font_size_phone=\u00bb16px\u00bb header_font_size_last_edited=\u00bbon|phone\u00bb body_font_size_tablet=\u00bb\u00bb body_font_size_phone=\u00bb13px\u00bb body_font_size_last_edited=\u00bbon|phone\u00bb locked=\u00bboff\u00bb global_colors_info=\u00bb{}\u00bb]<\/p>\n<p>At vero eos et accusamus et iusto odio dignissimos ducimus qui blanditiis praesentium voluptatum deleniti atque corrupti.<\/p>\n<p>[\/et_pb_blurb][et_pb_button button_text=\u00bbLearn More\u00bb _builder_version=\u00bb4.16&#8243; _module_preset=\u00bb3a58c417-038b-4027-a6ce-99ef3b9f4d26&#8243; custom_button=\u00bbon\u00bb button_text_size=\u00bb14px\u00bb button_text_color=\u00bb#FF4B09&#8243; button_bg_color=\u00bbRGBA(0,0,0,0)\u00bb button_border_width=\u00bb0px\u00bb button_letter_spacing=\u00bb2px\u00bb button_font=\u00bb|700||on|||||\u00bb custom_padding=\u00bb|0px||0px|false|true\u00bb button_text_size_tablet=\u00bb13px\u00bb button_text_size_phone=\u00bb12px\u00bb button_text_size_last_edited=\u00bbon|phone\u00bb global_colors_info=\u00bb{}\u00bb button_text_color__hover=\u00bb#FFFFFF\u00bb button_text_color__hover_enabled=\u00bbon|desktop\u00bb][\/et_pb_button][\/et_pb_column][et_pb_column type=\u00bb1_3&#8243; _builder_version=\u00bb4.16&#8243; _module_preset=\u00bbdefault\u00bb global_colors_info=\u00bb{}\u00bb][et_pb_blurb title=\u00bbPruebas de navegaci\u00f3n\u00bb image=\u00bbhttps:\/\/www.classelavalenciana.es\/wp-content\/uploads\/2024\/06\/marina-icon-light-10-1.png\u00bb icon_alignment=\u00bbleft\u00bb content_max_width=\u00bb100%\u00bb _builder_version=\u00bb4.25.1&#8243; _module_preset=\u00bba1d2ae3f-62db-4b8f-9b67-ae0b67fabd38&#8243; header_font=\u00bbMerriweather||||||||\u00bb header_text_color=\u00bb#FFFFFF\u00bb header_line_height=\u00bb1.4em\u00bb body_text_color=\u00bb#FFFFFF\u00bb body_line_height=\u00bb2em\u00bb animation=\u00bboff\u00bb header_font_size_tablet=\u00bb17px\u00bb header_font_size_phone=\u00bb16px\u00bb header_font_size_last_edited=\u00bbon|phone\u00bb body_font_size_tablet=\u00bb\u00bb body_font_size_phone=\u00bb13px\u00bb body_font_size_last_edited=\u00bbon|phone\u00bb locked=\u00bboff\u00bb global_colors_info=\u00bb{}\u00bb]<\/p>\n<p>At vero eos et accusamus et iusto odio dignissimos ducimus qui blanditiis praesentium voluptatum deleniti atque corrupti.<\/p>\n<p>[\/et_pb_blurb][et_pb_button button_text=\u00bbLearn More\u00bb _builder_version=\u00bb4.16&#8243; _module_preset=\u00bb3a58c417-038b-4027-a6ce-99ef3b9f4d26&#8243; custom_button=\u00bbon\u00bb button_text_size=\u00bb14px\u00bb button_text_color=\u00bb#FF4B09&#8243; button_bg_color=\u00bbRGBA(0,0,0,0)\u00bb button_border_width=\u00bb0px\u00bb button_letter_spacing=\u00bb2px\u00bb button_font=\u00bb|700||on|||||\u00bb custom_padding=\u00bb|0px||0px|false|true\u00bb button_text_size_tablet=\u00bb13px\u00bb button_text_size_phone=\u00bb12px\u00bb button_text_size_last_edited=\u00bbon|phone\u00bb locked=\u00bboff\u00bb global_colors_info=\u00bb{}\u00bb button_text_color__hover=\u00bb#FFFFFF\u00bb button_text_color__hover_enabled=\u00bbon|desktop\u00bb][\/et_pb_button][\/et_pb_column][\/et_pb_row][et_pb_row _builder_version=\u00bb4.25.1&#8243; _module_preset=\u00bbdefault\u00bb global_colors_info=\u00bb{}\u00bb][et_pb_column type=\u00bb4_4&#8243; _builder_version=\u00bb4.25.1&#8243; _module_preset=\u00bbdefault\u00bb global_colors_info=\u00bb{}\u00bb][et_pb_video src=\u00bbhttps:\/\/youtu.be\/BdLwSJ8Sb6E?si=YWN-RdZQGvb4ivq-\u00bb image_src=\u00bbhttps:\/\/www.classelavalenciana.es\/wp-content\/uploads\/2024\/06\/IMG-20211028-WA0037.jpg\u00bb _builder_version=\u00bb4.25.1&#8243; _module_preset=\u00bbdefault\u00bb global_colors_info=\u00bb{}\u00bb][\/et_pb_video][\/et_pb_column][\/et_pb_row][\/et_pb_section][et_pb_section fb_built=\u00bb1&#8243; admin_label=\u00bbAbout\u00bb _builder_version=\u00bb4.16&#8243; _module_preset=\u00bbdefault\u00bb global_colors_info=\u00bb{}\u00bb][et_pb_row column_structure=\u00bb1_2,1_2&#8243; _builder_version=\u00bb4.16&#8243; _module_preset=\u00bbdefault\u00bb global_colors_info=\u00bb{}\u00bb][et_pb_column type=\u00bb1_2&#8243; _builder_version=\u00bb4.16&#8243; _module_preset=\u00bbdefault\u00bb global_colors_info=\u00bb{}\u00bb][et_pb_image src=\u00bbhttps:\/\/www.classelavalenciana.es\/wp-content\/uploads\/2024\/06\/IMG-20210908-WA0010.jpg\u00bb title_text=\u00bbIMG-20210908-WA0010&#8243; _builder_version=\u00bb4.25.1&#8243; _module_preset=\u00bbdefault\u00bb locked=\u00bboff\u00bb global_colors_info=\u00bb{}\u00bb][\/et_pb_image][\/et_pb_column][et_pb_column type=\u00bb1_2&#8243; _builder_version=\u00bb4.16&#8243; _module_preset=\u00bbdefault\u00bb custom_padding=\u00bb60px||||false|false\u00bb custom_padding_tablet=\u00bb0px||||false|false\u00bb custom_padding_phone=\u00bb\u00bb custom_padding_last_edited=\u00bbon|phone\u00bb global_colors_info=\u00bb{}\u00bb][et_pb_text _builder_version=\u00bb4.25.1&#8243; _module_preset=\u00bb32021f09-dd67-47fb-8f9a-832b72a38baf\u00bb header_2_font=\u00bbPlayfair Display|700|||||||\u00bb header_2_text_color=\u00bbgcid-c9411f34-b37e-4feb-a841-9533663e2403&#8243; header_2_font_size=\u00bb60px\u00bb header_2_line_height=\u00bb1.1em\u00bb custom_margin=\u00bb||10px||false|false\u00bb animation_direction=\u00bbleft\u00bb header_2_font_size_tablet=\u00bb35px\u00bb header_2_font_size_phone=\u00bb22px\u00bb header_2_font_size_last_edited=\u00bbon|phone\u00bb locked=\u00bboff\u00bb global_colors_info=\u00bb{}\u00bb]<\/p>\n<h2>Construimos nuevas Valencianas<\/h2>\n<p>[\/et_pb_text][et_pb_text _builder_version=\u00bb4.16&#8243; _module_preset=\u00bb16a54059-cc81-4572-9c70-eda6a6c419bf\u00bb text_text_color=\u00bbrgba(0,0,0,0.8)\u00bb text_font_size=\u00bb16px\u00bb text_line_height=\u00bb1.8em\u00bb text_font_size_tablet=\u00bb15px\u00bb text_font_size_phone=\u00bb13px\u00bb text_font_size_last_edited=\u00bbon|phone\u00bb header_font_size_tablet=\u00bb55px\u00bb header_font_size_last_edited=\u00bboff|desktop\u00bb locked=\u00bboff\u00bb global_colors_info=\u00bb{}\u00bb]<\/p>\n<p>At vero eos et accusamus et iusto odio dignissimos ducimus qui blanditiis praesentium voluptatum deleniti atque corrupti quos dolores et quas molestias excepturi sint occaecati cupiditate non provident.<\/p>\n<p>[\/et_pb_text][et_pb_button button_text=\u00bbOur Services\u00bb _builder_version=\u00bb4.16&#8243; _module_preset=\u00bbfd4cbe8d-44bb-4497-977d-4a9151abc25c\u00bb custom_button=\u00bbon\u00bb button_text_size=\u00bb14px\u00bb button_bg_color=\u00bb#FF4B09&#8243; button_border_width=\u00bb0px\u00bb button_border_radius=\u00bb0px\u00bb button_letter_spacing=\u00bb2px\u00bb button_font=\u00bb|700||on|||||\u00bb background_layout=\u00bbdark\u00bb custom_padding=\u00bb14px|35px|14px|35px|true|true\u00bb custom_padding_tablet=\u00bb12px|30px|12px|30px|true|true\u00bb custom_padding_phone=\u00bb10px|20px|10px|20px|true|true\u00bb custom_padding_last_edited=\u00bbon|phone\u00bb button_text_size_tablet=\u00bb13px\u00bb button_text_size_phone=\u00bb12px\u00bb button_text_size_last_edited=\u00bbon|tablet\u00bb locked=\u00bboff\u00bb global_colors_info=\u00bb{}\u00bb button_bg_color__hover=\u00bb#000000&#8243; button_bg_color__hover_enabled=\u00bbon|desktop\u00bb][\/et_pb_button][\/et_pb_column][\/et_pb_row][et_pb_row column_structure=\u00bb1_2,1_2&#8243; _builder_version=\u00bb4.16&#8243; _module_preset=\u00bbdefault\u00bb global_colors_info=\u00bb{}\u00bb][et_pb_column type=\u00bb1_2&#8243; _builder_version=\u00bb4.16&#8243; _module_preset=\u00bbdefault\u00bb custom_padding=\u00bb60px||||false|false\u00bb custom_padding_tablet=\u00bb0px||||false|false\u00bb custom_padding_phone=\u00bb\u00bb custom_padding_last_edited=\u00bbon|phone\u00bb global_colors_info=\u00bb{}\u00bb][et_pb_text _builder_version=\u00bb4.25.1&#8243; _module_preset=\u00bb32021f09-dd67-47fb-8f9a-832b72a38baf\u00bb header_2_font=\u00bbPlayfair Display|700|||||||\u00bb header_2_text_color=\u00bbgcid-c9411f34-b37e-4feb-a841-9533663e2403&#8243; header_2_font_size=\u00bb60px\u00bb header_2_line_height=\u00bb1.1em\u00bb custom_margin=\u00bb||10px||false|false\u00bb animation_direction=\u00bbleft\u00bb header_2_font_size_tablet=\u00bb35px\u00bb header_2_font_size_phone=\u00bb22px\u00bb header_2_font_size_last_edited=\u00bbon|phone\u00bb locked=\u00bboff\u00bb global_colors_info=\u00bb{}\u00bb]<\/p>\n<h2>Seguimos tradiciones marineras<\/h2>\n<p>[\/et_pb_text][et_pb_text _builder_version=\u00bb4.16&#8243; _module_preset=\u00bb16a54059-cc81-4572-9c70-eda6a6c419bf\u00bb text_text_color=\u00bbrgba(0,0,0,0.8)\u00bb text_font_size=\u00bb16px\u00bb text_line_height=\u00bb1.8em\u00bb text_font_size_tablet=\u00bb15px\u00bb text_font_size_phone=\u00bb13px\u00bb text_font_size_last_edited=\u00bbon|phone\u00bb header_font_size_tablet=\u00bb55px\u00bb header_font_size_last_edited=\u00bboff|desktop\u00bb locked=\u00bboff\u00bb global_colors_info=\u00bb{}\u00bb]<\/p>\n<p>At vero eos et accusamus et iusto odio dignissimos ducimus qui blanditiis praesentium voluptatum deleniti atque corrupti quos dolores et quas molestias excepturi sint occaecati cupiditate non provident.<\/p>\n<p>[\/et_pb_text][et_pb_button button_text=\u00bbAbout us\u00bb _builder_version=\u00bb4.16&#8243; _module_preset=\u00bba93bd5f4-85ca-4af8-aab9-5954042d5969&#8243; custom_button=\u00bbon\u00bb button_text_size=\u00bb14px\u00bb button_bg_color=\u00bbgcid-46874eab-1479-4e97-a380-8c3d8f036d9c\u00bb button_border_width=\u00bb0px\u00bb button_border_radius=\u00bb0px\u00bb button_letter_spacing=\u00bb2px\u00bb button_font=\u00bb|700||on|||||\u00bb background_layout=\u00bbdark\u00bb custom_padding=\u00bb14px|35px|14px|35px|true|true\u00bb custom_padding_tablet=\u00bb12px|30px|12px|30px|true|true\u00bb custom_padding_phone=\u00bb10px|20px|10px|20px|true|true\u00bb custom_padding_last_edited=\u00bbon|phone\u00bb button_text_size_tablet=\u00bb13px\u00bb button_text_size_phone=\u00bb12px\u00bb button_text_size_last_edited=\u00bbon|tablet\u00bb locked=\u00bboff\u00bb global_colors_info=\u00bb{}\u00bb button_bg_color__hover=\u00bb#097EDC\u00bb button_bg_color__hover_enabled=\u00bbon|hover\u00bb button_bg_enable_color__hover=\u00bbon\u00bb][\/et_pb_button][\/et_pb_column][et_pb_column type=\u00bb1_2&#8243; _builder_version=\u00bb4.16&#8243; _module_preset=\u00bbdefault\u00bb global_colors_info=\u00bb{}\u00bb][et_pb_image src=\u00bbhttps:\/\/www.classelavalenciana.es\/wp-content\/uploads\/2024\/06\/IMG-20210716-WA0025.jpg\u00bb title_text=\u00bbIMG-20210716-WA0025&#8243; _builder_version=\u00bb4.25.1&#8243; _module_preset=\u00bbdefault\u00bb locked=\u00bboff\u00bb global_colors_info=\u00bb{}\u00bb][\/et_pb_image][\/et_pb_column][\/et_pb_row][\/et_pb_section][et_pb_section fb_built=\u00bb1&#8243; admin_label=\u00bbCall to Action\u00bb _builder_version=\u00bb4.25.1&#8243; _module_preset=\u00bbdefault\u00bb use_background_color_gradient=\u00bbon\u00bb background_color_gradient_stops=\u00bbrgba(255,255,255,0.5) 0%|rgba(255,255,255,0) 100%\u00bb background_color_gradient_overlays_image=\u00bbon\u00bb background_color_gradient_start=\u00bbrgba(255,255,255,0.5)\u00bb background_color_gradient_end=\u00bbrgba(255,255,255,0)\u00bb background_image=\u00bbhttps:\/\/www.classelavalenciana.es\/wp-content\/uploads\/2024\/05\/Parc-naturel-de-lAlbufera-Valence.jpg\u00bb custom_padding=\u00bb|0px|0px|||\u00bb background_last_edited=\u00bbon|phone\u00bb use_background_color_gradient_tablet=\u00bbon\u00bb background_color_gradient_stops_tablet=\u00bbrgba(255,255,255,0.6) 0%|rgba(255,255,255,0.6) 100%\u00bb background_color_gradient_start_tablet=\u00bbrgba(255,255,255,0.6)\u00bb background_color_gradient_end_tablet=\u00bbrgba(255,255,255,0.6)\u00bb global_colors_info=\u00bb{}\u00bb][et_pb_row column_structure=\u00bb1_2,1_2&#8243; _builder_version=\u00bb4.16&#8243; _module_preset=\u00bbdefault\u00bb z_index=\u00bb10&#8243; locked=\u00bboff\u00bb global_colors_info=\u00bb{}\u00bb][et_pb_column type=\u00bb1_2&#8243; _builder_version=\u00bb4.16&#8243; _module_preset=\u00bbdefault\u00bb global_colors_info=\u00bb{}\u00bb][\/et_pb_column][et_pb_column type=\u00bb1_2&#8243; _builder_version=\u00bb4.16&#8243; _module_preset=\u00bbdefault\u00bb global_colors_info=\u00bb{}\u00bb][et_pb_text _builder_version=\u00bb4.25.1&#8243; _module_preset=\u00bb32021f09-dd67-47fb-8f9a-832b72a38baf\u00bb header_2_font=\u00bbPlayfair Display|700|||||||\u00bb header_2_text_color=\u00bbgcid-c9411f34-b37e-4feb-a841-9533663e2403&#8243; header_2_font_size=\u00bb60px\u00bb header_2_line_height=\u00bb1.1em\u00bb custom_margin=\u00bb||10px||false|false\u00bb animation_direction=\u00bbleft\u00bb header_2_font_size_tablet=\u00bb35px\u00bb header_2_font_size_phone=\u00bb22px\u00bb header_2_font_size_last_edited=\u00bbon|phone\u00bb locked=\u00bboff\u00bb global_colors_info=\u00bb{}\u00bb]<\/p>\n<h2>Varadero y estancia\u00a0<\/h2>\n<p>[\/et_pb_text][\/et_pb_column][\/et_pb_row][et_pb_row column_structure=\u00bb1_3,2_3&#8243; _builder_version=\u00bb4.16&#8243; _module_preset=\u00bbdefault\u00bb custom_padding=\u00bb||0px|||\u00bb locked=\u00bboff\u00bb global_colors_info=\u00bb{}\u00bb][et_pb_column type=\u00bb1_3&#8243; _builder_version=\u00bb4.16&#8243; _module_preset=\u00bbdefault\u00bb z_index=\u00bb10&#8243; global_colors_info=\u00bb{}\u00bb][et_pb_image src=\u00bbhttps:\/\/www.classelavalenciana.es\/wp-content\/uploads\/2024\/06\/IMG_20210917_170703-scaled.jpg\u00bb title_text=\u00bbIMG_20210917_170703&#8243; _builder_version=\u00bb4.25.1&#8243; _module_preset=\u00bbdefault\u00bb custom_margin=\u00bb-90%|-50%|||false|false\u00bb custom_margin_tablet=\u00bb0%|0%|||false|false\u00bb custom_margin_phone=\u00bb\u00bb custom_margin_last_edited=\u00bbon|tablet\u00bb locked=\u00bboff\u00bb global_colors_info=\u00bb{}\u00bb][\/et_pb_image][\/et_pb_column][et_pb_column type=\u00bb2_3&#8243; _builder_version=\u00bb4.16&#8243; _module_preset=\u00bbdefault\u00bb background_color=\u00bb#12115D\u00bb custom_padding=\u00bb80px|60px|80px|20%|true|false\u00bb custom_padding_tablet=\u00bb40px|30px|40px|30px|true|true\u00bb custom_padding_phone=\u00bb|20px||20px|false|true\u00bb custom_padding_last_edited=\u00bbon|phone\u00bb global_colors_info=\u00bb{%22gcid-46874eab-1479-4e97-a380-8c3d8f036d9c%22:%91%22background_color%22%93}\u00bb][et_pb_text _builder_version=\u00bb4.16&#8243; _module_preset=\u00bb16a54059-cc81-4572-9c70-eda6a6c419bf\u00bb text_text_color=\u00bb#FFFFFF\u00bb text_font_size=\u00bb16px\u00bb text_line_height=\u00bb1.8em\u00bb text_font_size_tablet=\u00bb15px\u00bb text_font_size_phone=\u00bb13px\u00bb text_font_size_last_edited=\u00bbon|phone\u00bb header_font_size_tablet=\u00bb55px\u00bb header_font_size_last_edited=\u00bboff|desktop\u00bb locked=\u00bboff\u00bb global_colors_info=\u00bb{}\u00bb]<\/p>\n<p>At vero eos et accusamus et iusto odio dignissimos ducimus qui blanditiis praesentium voluptatum deleniti atque corrupti quos dolores et quas molestias excepturi sint occaecati cupiditate non provident.<\/p>\n<p>[\/et_pb_text][et_pb_button button_url=\u00bbhttps:\/\/www.classelavalenciana.es\/index.php\/hazte-socio\/\u00bb url_new_window=\u00bbon\u00bb button_text=\u00bbHazte Socio\u00bb button_alignment=\u00bbright\u00bb _builder_version=\u00bb4.25.1&#8243; _module_preset=\u00bb453338d2-d507-41d5-af5a-025d56027e7e\u00bb custom_button=\u00bbon\u00bb button_text_size=\u00bb60px\u00bb button_text_color=\u00bb#FFFFFF\u00bb button_bg_color=\u00bb#FF4B09&#8243; button_border_width=\u00bb0px\u00bb button_border_radius=\u00bb0px\u00bb button_font=\u00bbPlayfair Display||||||||\u00bb button_use_icon=\u00bboff\u00bb background_layout=\u00bbdark\u00bb custom_margin=\u00bb30%|-60px|-80px||false|false\u00bb custom_margin_tablet=\u00bb20%|-30px|-40px||false|false\u00bb custom_margin_phone=\u00bb|-20px|||false|false\u00bb custom_margin_last_edited=\u00bbon|phone\u00bb custom_padding=\u00bb100px||||false|false\u00bb custom_padding_tablet=\u00bb60px||||false|false\u00bb custom_padding_phone=\u00bb40px||||false|false\u00bb custom_padding_last_edited=\u00bbon|phone\u00bb button_text_size_tablet=\u00bb40px\u00bb button_text_size_phone=\u00bb30px\u00bb button_text_size_last_edited=\u00bbon|phone\u00bb custom_css_main_element=\u00bbline-height: 1.2em !important;\u00bb locked=\u00bboff\u00bb global_colors_info=\u00bb{}\u00bb button_bg_color__hover=\u00bb#097EDC\u00bb button_bg_color__hover_enabled=\u00bbon|hover\u00bb][\/et_pb_button][\/et_pb_column][\/et_pb_row][\/et_pb_section][et_pb_section fb_built=\u00bb1&#8243; admin_label=\u00bbTestimonials\u00bb _builder_version=\u00bb4.25.1&#8243; _module_preset=\u00bbdefault\u00bb global_colors_info=\u00bb{}\u00bb][et_pb_row _builder_version=\u00bb4.25.1&#8243; _module_preset=\u00bbdefault\u00bb global_colors_info=\u00bb{}\u00bb][et_pb_column type=\u00bb4_4&#8243; _builder_version=\u00bb4.25.1&#8243; _module_preset=\u00bbdefault\u00bb global_colors_info=\u00bb{}\u00bb][et_pb_image src=\u00bbhttps:\/\/www.classelavalenciana.es\/wp-content\/uploads\/2024\/05\/ligo-barca-valenciana.png.webp\u00bb title_text=\u00bbligo-barca-valenciana.png\u00bb align=\u00bbcenter\u00bb _builder_version=\u00bb4.25.1&#8243; _module_preset=\u00bbdefault\u00bb global_colors_info=\u00bb{}\u00bb][\/et_pb_image][et_pb_text _builder_version=\u00bb4.25.1&#8243; _module_preset=\u00bbdefault\u00bb global_colors_info=\u00bb{}\u00bb]<\/p>\n<h1 style=\"text-align: center;\">LOGO DE LA CLASE \u201cLA VALENCIANA\u201d<\/h1>\n<p>[\/et_pb_text][et_pb_text _builder_version=\u00bb4.25.1&#8243; _module_preset=\u00bbdefault\u00bb global_colors_info=\u00bb{}\u00bb]<\/p>\n<p>La mayor\u00eda de las clases de embarcaciones que nacen con unas expectativas de crecer y hacer una \u201cf\u00f3rmula\u201d o \u201cclase\u201d con la proyecci\u00f3n de competir en el mundo deportivo precisan de unas reglas de clase. Estas tienen que estar homologadas y aprobadas por la FVCV y posteriormente la RFEV. , seg\u00fan criterios de unidades, se reconoce a nivel internacional por la World Sailing. Con lo cual se consigue una uniformidad donde todos compiten con monotipos iguales y que destacan la destreza de los regatistas.<\/p>\n<p>Por otro lado, se necesario un distintivo en su vela para diferenciarlo, denominado logo de la clase, igual que un numero de vela, las siglas del pais que pueden coincidir o no, con lo numero de casco. En esta ocasi\u00f3n y para esta clase corresponde el logotipo que encabeza, dise\u00f1ado por Victor Rubio, partiendo de los siguientes conceptos:<\/p>\n<p>\u2022 Visibilidad \u2022 Sentido de pertenencia \u2022 Origen de la embarcaci\u00f3n \u2022 Historia<\/p>\n<p>Inspirado en la cl\u00e1sica techumbre de las barracas valencianas, resuelto y simplificado con un solo trazo que nos refleja el origen de la embarcaci\u00f3n y su denominaci\u00f3n.<\/p>\n<p>[\/et_pb_text][\/et_pb_column][\/et_pb_row][\/et_pb_section][et_pb_section fb_built=\u00bb1&#8243; specialty=\u00bbon\u00bb custom_padding_last_edited=\u00bboff|phone\u00bb padding_bottom_2=\u00bb40px\u00bb padding_top_bottom_link_2=\u00bbfalse\u00bb padding_left_right_link_2=\u00bbfalse\u00bb admin_label=\u00bbFooter\u00bb _builder_version=\u00bb4.25.1&#8243; _module_preset=\u00bbdefault\u00bb use_background_color_gradient=\u00bbon\u00bb background_color_gradient_stops=\u00bbrgba(18,17,93,0.4) 0%|#03015b 100%\u00bb background_color_gradient_overlays_image=\u00bbon\u00bb background_color_gradient_start=\u00bbrgba(18,17,93,0.4)\u00bb background_color_gradient_end=\u00bb#03015b\u00bb background_image=\u00bbhttps:\/\/www.classelavalenciana.es\/wp-content\/uploads\/2024\/05\/Barca-5.jpg\u00bb custom_padding=\u00bb10%||0px||false|false\u00bb custom_padding_tablet=\u00bb||||false|false\u00bb custom_padding_phone=\u00bb||||false|false\u00bb animation_direction=\u00bbbottom\u00bb saved_tabs=\u00bball\u00bb global_colors_info=\u00bb{%22gcid-46874eab-1479-4e97-a380-8c3d8f036d9c%22:%91%22colorEnd%22%93}\u00bb][et_pb_column type=\u00bb2_3&#8243; specialty_columns=\u00bb2&#8243; _builder_version=\u00bb4.16&#8243; custom_padding=\u00bb|||\u00bb global_colors_info=\u00bb{}\u00bb custom_padding__hover=\u00bb|||\u00bb][et_pb_row_inner custom_padding_last_edited=\u00bbon|phone\u00bb _builder_version=\u00bb4.16&#8243; _module_preset=\u00bbdefault\u00bb background_color=\u00bb#03033A\u00bb custom_padding=\u00bb80px|8%||8%|false|true\u00bb custom_padding_tablet=\u00bb60px|60px||60px|false|true\u00bb custom_padding_phone=\u00bb30px|20px||20px|false|true\u00bb global_colors_info=\u00bb{%22gcid-c9411f34-b37e-4feb-a841-9533663e2403%22:%91%22background_color%22%93}\u00bb][et_pb_column_inner saved_specialty_column_type=\u00bb2_3&#8243; _builder_version=\u00bb4.16&#8243; _module_preset=\u00bbdefault\u00bb global_colors_info=\u00bb{}\u00bb][et_pb_text _builder_version=\u00bb4.25.1&#8243; _module_preset=\u00bb32021f09-dd67-47fb-8f9a-832b72a38baf\u00bb header_2_font=\u00bbPlayfair Display|700|||||||\u00bb header_2_text_color=\u00bb#FFFFFF\u00bb header_2_font_size=\u00bb60px\u00bb header_2_line_height=\u00bb1.1em\u00bb custom_margin=\u00bb||10px||false|false\u00bb animation_direction=\u00bbleft\u00bb header_2_font_size_tablet=\u00bb35px\u00bb header_2_font_size_phone=\u00bb22px\u00bb header_2_font_size_last_edited=\u00bbon|phone\u00bb locked=\u00bboff\u00bb global_colors_info=\u00bb{}\u00bb]<\/p>\n<h2>A.C. Vela Llatina Segle XXI<\/h2>\n<p>[\/et_pb_text][\/et_pb_column_inner][\/et_pb_row_inner][et_pb_row_inner column_structure=\u00bb1_2,1_2&#8243; custom_padding_last_edited=\u00bbon|phone\u00bb _builder_version=\u00bb4.16&#8243; _module_preset=\u00bbdefault\u00bb background_color=\u00bb#03033A\u00bb custom_padding=\u00bb|8%|80px|8%|false|true\u00bb custom_padding_tablet=\u00bb|60px|60px|60px|false|true\u00bb custom_padding_phone=\u00bb|20px|30px|20px|false|true\u00bb global_colors_info=\u00bb{}\u00bb][et_pb_column_inner type=\u00bb1_2&#8243; saved_specialty_column_type=\u00bb2_3&#8243; _builder_version=\u00bb4.16&#8243; _module_preset=\u00bbdefault\u00bb global_colors_info=\u00bb{}\u00bb][et_pb_text _builder_version=\u00bb4.25.1&#8243; _module_preset=\u00bb4deaa1a6-d0cd-49d0-ada3-8dc22addd086&#8243; header_2_text_color=\u00bb#FFFFFF\u00bb header_4_font=\u00bb|700||on|||||\u00bb header_4_text_color=\u00bbrgba(255,255,255,0.4)\u00bb header_4_font_size=\u00bb14px\u00bb header_4_letter_spacing=\u00bb2px\u00bb header_4_line_height=\u00bb2em\u00bb background_layout=\u00bbdark\u00bb custom_margin=\u00bb||0px||false|false\u00bb locked=\u00bboff\u00bb global_colors_info=\u00bb{}\u00bb]<\/p>\n<h4>Contacto<\/h4>\n<p>[\/et_pb_text][et_pb_text _builder_version=\u00bb4.25.1&#8243; _module_preset=\u00bbaec0be99-8a53-4f75-abf2-64f29a8b4cc2&#8243; text_font=\u00bbMerriweather||||||||\u00bb text_text_color=\u00bb#FFFFFF\u00bb text_font_size=\u00bb18px\u00bb text_line_height=\u00bb2em\u00bb custom_margin=\u00bb||5px||false|false\u00bb text_font_size_tablet=\u00bb16px\u00bb text_font_size_phone=\u00bb12px\u00bb text_font_size_last_edited=\u00bbon|phone\u00bb locked=\u00bboff\u00bb global_colors_info=\u00bb{}\u00bb]<\/p>\n<p>+34 642 527 101<\/p>\n<p>[\/et_pb_text][et_pb_text _builder_version=\u00bb4.25.1&#8243; _module_preset=\u00bbaec0be99-8a53-4f75-abf2-64f29a8b4cc2&#8243; text_font=\u00bbMerriweather||||||||\u00bb text_text_color=\u00bb#FFFFFF\u00bb text_font_size=\u00bb18px\u00bb text_line_height=\u00bb2em\u00bb custom_margin=\u00bb||5px||false|false\u00bb text_font_size_tablet=\u00bb16px\u00bb text_font_size_phone=\u00bb12px\u00bb text_font_size_last_edited=\u00bbon|phone\u00bb locked=\u00bboff\u00bb global_colors_info=\u00bb{}\u00bb]<\/p>\n<p>info@classelavalenciana.es<\/p>\n<p>[\/et_pb_text][\/et_pb_column_inner][et_pb_column_inner type=\u00bb1_2&#8243; saved_specialty_column_type=\u00bb2_3&#8243; _builder_version=\u00bb4.16&#8243; _module_preset=\u00bbdefault\u00bb global_colors_info=\u00bb{}\u00bb][et_pb_text _builder_version=\u00bb4.25.1&#8243; _module_preset=\u00bb4deaa1a6-d0cd-49d0-ada3-8dc22addd086&#8243; header_2_text_color=\u00bb#FFFFFF\u00bb header_4_font=\u00bb|700||on|||||\u00bb header_4_text_color=\u00bbrgba(255,255,255,0.4)\u00bb header_4_font_size=\u00bb14px\u00bb header_4_letter_spacing=\u00bb2px\u00bb header_4_line_height=\u00bb2em\u00bb background_layout=\u00bbdark\u00bb custom_margin=\u00bb||0px||false|false\u00bb locked=\u00bboff\u00bb global_colors_info=\u00bb{}\u00bb]<\/p>\n<h4>Direcci\u00f3n<\/h4>\n<p>[\/et_pb_text][et_pb_text _builder_version=\u00bb4.25.1&#8243; _module_preset=\u00bbaec0be99-8a53-4f75-abf2-64f29a8b4cc2&#8243; text_font=\u00bbMerriweather||||||||\u00bb text_text_color=\u00bb#FFFFFF\u00bb text_font_size=\u00bb18px\u00bb text_line_height=\u00bb2em\u00bb text_font_size_tablet=\u00bb16px\u00bb text_font_size_phone=\u00bb12px\u00bb text_font_size_last_edited=\u00bbon|phone\u00bb locked=\u00bboff\u00bb global_colors_info=\u00bb{}\u00bb]<\/p>\n<p>Avda. Pinares, 73-26 -46012 Valencia<\/p>\n<p>[\/et_pb_text][\/et_pb_column_inner][\/et_pb_row_inner][\/et_pb_column][et_pb_column type=\u00bb1_3&#8243; _builder_version=\u00bb4.16&#8243; custom_padding=\u00bb|||\u00bb global_colors_info=\u00bb{}\u00bb custom_padding__hover=\u00bb|||\u00bb][et_pb_text _builder_version=\u00bb4.27.4&#8243; _module_preset=\u00bb32021f09-dd67-47fb-8f9a-832b72a38baf\u00bb header_2_font=\u00bbPlayfair Display|700|||||||\u00bb header_2_text_color=\u00bb#FFFFFF\u00bb header_2_font_size=\u00bb60px\u00bb header_2_line_height=\u00bb1.1em\u00bb custom_margin=\u00bb||10px||false|false\u00bb animation_direction=\u00bbleft\u00bb header_2_font_size_tablet=\u00bb35px\u00bb header_2_font_size_phone=\u00bb22px\u00bb header_2_font_size_last_edited=\u00bbon|phone\u00bb locked=\u00bboff\u00bb global_colors_info=\u00bb{}\u00bb]<\/p>\n<h2><a href=\"https:\/\/www.classelavalenciana.es\/wp-content\/uploads\/2025\/04\/cartel-federacio-2025-v2.pdf\" rel=\"attachment wp-att-387\">Cart\u00e9l federaci\u00f3 2025 v2<\/a>Contacto<\/h2>\n<p>[\/et_pb_text][et_pb_button button_text=\u00bbCont\u00e1ctenos\u00bb _builder_version=\u00bb4.25.1&#8243; _module_preset=\u00bbd231d633-8e0f-4344-80c6-792324b848ba\u00bb custom_button=\u00bbon\u00bb button_text_size=\u00bb14px\u00bb button_border_color=\u00bb#FFFFFF\u00bb button_border_radius=\u00bb0px\u00bb button_letter_spacing=\u00bb2px\u00bb button_font=\u00bb|700||on|||||\u00bb background_layout=\u00bbdark\u00bb custom_padding=\u00bb14px|35px|14px|35px|true|true\u00bb custom_padding_tablet=\u00bb12px|30px|12px|30px|true|true\u00bb custom_padding_phone=\u00bb10px|20px|10px|20px|true|true\u00bb custom_padding_last_edited=\u00bbon|phone\u00bb button_text_size_tablet=\u00bb13px\u00bb button_text_size_phone=\u00bb12px\u00bb button_text_size_last_edited=\u00bbon|tablet\u00bb locked=\u00bboff\u00bb global_colors_info=\u00bb{}\u00bb button_text_color__hover=\u00bb#000000&#8243; button_text_color__hover_enabled=\u00bbon|hover\u00bb button_bg_color__hover=\u00bb#FFFFFF\u00bb button_bg_color__hover_enabled=\u00bbon|hover\u00bb][\/et_pb_button][\/et_pb_column][\/et_pb_section]<\/p>\n","protected":false},"excerpt":{"rendered":"<p>Regata de vela latinaTodos los servicios en el Portet de la Albufera &nbsp; Explora nuestras rutas de navegaci\u00f3n Descubre los paisajes \u00fanicos que ofrece la Albufera mientras navegas en tu Valenciana, una experiencia que no te puedes perder. Eventos especiales y celebraciones Organizamos eventos personalizados en el agua, perfectos para coaching de empresa. Clases de [&hellip;]<\/p>\n","protected":false},"author":3,"featured_media":0,"parent":0,"menu_order":0,"comment_status":"closed","ping_status":"closed","template":"","meta":{"_et_pb_use_builder":"on","_et_pb_old_content":"","_et_gb_content_width":"","footnotes":""},"class_list":["post-82","page","type-page","status-publish","hentry"],"_links":{"self":[{"href":"https:\/\/www.classelavalenciana.es\/index.php\/wp-json\/wp\/v2\/pages\/82","targetHints":{"allow":["GET"]}}],"collection":[{"href":"https:\/\/www.classelavalenciana.es\/index.php\/wp-json\/wp\/v2\/pages"}],"about":[{"href":"https:\/\/www.classelavalenciana.es\/index.php\/wp-json\/wp\/v2\/types\/page"}],"author":[{"embeddable":true,"href":"https:\/\/www.classelavalenciana.es\/index.php\/wp-json\/wp\/v2\/users\/3"}],"replies":[{"embeddable":true,"href":"https:\/\/www.classelavalenciana.es\/index.php\/wp-json\/wp\/v2\/comments?post=82"}],"version-history":[{"count":38,"href":"https:\/\/www.classelavalenciana.es\/index.php\/wp-json\/wp\/v2\/pages\/82\/revisions"}],"predecessor-version":[{"id":773,"href":"https:\/\/www.classelavalenciana.es\/index.php\/wp-json\/wp\/v2\/pages\/82\/revisions\/773"}],"wp:attachment":[{"href":"https:\/\/www.classelavalenciana.es\/index.php\/wp-json\/wp\/v2\/media?parent=82"}],"curies":[{"name":"wp","href":"https:\/\/api.w.org\/{rel}","templated":true}]}}